{"id":999,"date":"2023-11-14T16:58:15","date_gmt":"2023-11-14T14:58:15","guid":{"rendered":"https:\/\/martrocatala.com\/?post_type=avada_portfolio&#038;p=999"},"modified":"2023-12-13T16:13:43","modified_gmt":"2023-12-13T14:13:43","slug":"casa-unifamiliar-aillada-1","status":"publish","type":"avada_portfolio","link":"https:\/\/martrocatala.com\/es\/portfolio-items\/casa-unifamiliar-aillada-1\/","title":{"rendered":"Casa unifamiliar a\u00efllada 1"},"content":{"rendered":"<p><div class=\"fusion-fullwidth fullwidth-box fusion-builder-row-1 fusion-flex-container nonhundred-percent-fullwidth non-hundred-percent-height-scrolling\" style=\"--awb-border-radius-top-left:0px;--awb-border-radius-top-right:0px;--awb-border-radius-bottom-right:0px;--awb-border-radius-bottom-left:0px;--awb-flex-wrap:wrap;\" ><div class=\"fusion-builder-row fusion-row fusion-flex-align-items-flex-start fusion-flex-content-wrap\" style=\"max-width:1248px;margin-left: calc(-4% \/ 2 );margin-right: calc(-4% \/ 2 );\"><div class=\"fusion-layout-column fusion_builder_column fusion-builder-column-0 fusion_builder_column_1_1 1_1 fusion-flex-column\" style=\"--awb-bg-size:cover;--awb-width-large:100%;--awb-margin-top-large:0px;--awb-spacing-right-large:1.92%;--awb-margin-bottom-large:0px;--awb-spacing-left-large:1.92%;--awb-width-medium:100%;--awb-spacing-right-medium:1.92%;--awb-spacing-left-medium:1.92%;--awb-width-small:100%;--awb-spacing-right-small:1.92%;--awb-spacing-left-small:1.92%;\"><div class=\"fusion-column-wrapper fusion-flex-justify-content-flex-start fusion-content-layout-column\"><div class=\"fusion-title title fusion-title-1 fusion-sep-none fusion-title-text fusion-title-size-two\"><h2 class=\"fusion-title-heading title-heading-left\" style=\"margin:0;\">Casa unifamiliar a\u00efllada 1<\/h2><\/div><div class=\"fusion-text fusion-text-1\"><p>Habitatge de dos pisos a peu de carrer i un pis inferior a peu de parcel\u00b7la, a la comarca del Vall\u00e8s Oriental.<\/p>\n<\/div><\/div><\/div><\/div><\/div><div class=\"fusion-fullwidth fullwidth-box fusion-builder-row-2 fusion-flex-container has-pattern-background has-mask-background nonhundred-percent-fullwidth non-hundred-percent-height-scrolling\" style=\"--awb-border-radius-top-left:0px;--awb-border-radius-top-right:0px;--awb-border-radius-bottom-right:0px;--awb-border-radius-bottom-left:0px;--awb-flex-wrap:wrap;\" ><div class=\"fusion-builder-row fusion-row fusion-flex-align-items-flex-start fusion-flex-content-wrap\" style=\"max-width:1248px;margin-left: calc(-4% \/ 2 );margin-right: calc(-4% \/ 2 );\"><div class=\"fusion-layout-column fusion_builder_column fusion-builder-column-1 fusion_builder_column_1_2 1_2 fusion-flex-column\" style=\"--awb-bg-size:cover;--awb-width-large:50%;--awb-margin-top-large:0px;--awb-spacing-right-large:3.84%;--awb-margin-bottom-large:20px;--awb-spacing-left-large:3.84%;--awb-width-medium:50%;--awb-order-medium:0;--awb-spacing-right-medium:3.84%;--awb-spacing-left-medium:3.84%;--awb-width-small:100%;--awb-order-small:0;--awb-spacing-right-small:1.92%;--awb-spacing-left-small:1.92%;\"><div class=\"fusion-column-wrapper fusion-column-has-shadow fusion-flex-justify-content-flex-start fusion-content-layout-column\"><div class=\"fusion-image-element \" style=\"--awb-caption-title-font-family:var(--h2_typography-font-family);--awb-caption-title-font-weight:var(--h2_typography-font-weight);--awb-caption-title-font-style:var(--h2_typography-font-style);--awb-caption-title-size:var(--h2_typography-font-size);--awb-caption-title-transform:var(--h2_typography-text-transform);--awb-caption-title-line-height:var(--h2_typography-line-height);--awb-caption-title-letter-spacing:var(--h2_typography-letter-spacing);\"><span class=\" fusion-imageframe imageframe-none imageframe-1 hover-type-none\"><a href=\"https:\/\/martrocatala.com\/wp-content\/uploads\/2023\/12\/RM-Aillada1-int003.jpg\" class=\"fusion-lightbox\" data-rel=\"iLightbox[547eb2206b2084f4160]\" data-title=\"RM-Aillada1-int003\" title=\"RM-Aillada1-int003\"><img decoding=\"async\" width=\"1050\" height=\"1400\" alt=\"Martro Catal\u00e0 Arquitectes al Vall\u00e8s\" src=\"https:\/\/martrocatala.com\/wp-content\/uploads\/2023\/12\/RM-Aillada1-int003.jpg\" class=\"img-responsive wp-image-1320\" srcset=\"https:\/\/martrocatala.com\/wp-content\/uploads\/2023\/12\/RM-Aillada1-int003-200x267.jpg 200w, https:\/\/martrocatala.com\/wp-content\/uploads\/2023\/12\/RM-Aillada1-int003-400x533.jpg 400w, https:\/\/martrocatala.com\/wp-content\/uploads\/2023\/12\/RM-Aillada1-int003-600x800.jpg 600w, https:\/\/martrocatala.com\/wp-content\/uploads\/2023\/12\/RM-Aillada1-int003-800x1067.jpg 800w, https:\/\/martrocatala.com\/wp-content\/uploads\/2023\/12\/RM-Aillada1-int003.jpg 1050w\" sizes=\"(max-width: 800px) 100vw, 600px\" \/><\/a><\/span><\/div><\/div><\/div><div class=\"fusion-layout-column fusion_builder_column fusion-builder-column-2 fusion_builder_column_1_2 1_2 fusion-flex-column\" style=\"--awb-bg-size:cover;--awb-width-large:50%;--awb-margin-top-large:0px;--awb-spacing-right-large:3.84%;--awb-margin-bottom-large:20px;--awb-spacing-left-large:3.84%;--awb-width-medium:50%;--awb-order-medium:0;--awb-spacing-right-medium:3.84%;--awb-spacing-left-medium:3.84%;--awb-width-small:100%;--awb-order-small:0;--awb-spacing-right-small:1.92%;--awb-spacing-left-small:1.92%;\"><div class=\"fusion-column-wrapper fusion-column-has-shadow fusion-flex-justify-content-flex-start fusion-content-layout-column\"><div class=\"fusion-image-element \" style=\"--awb-caption-title-font-family:var(--h2_typography-font-family);--awb-caption-title-font-weight:var(--h2_typography-font-weight);--awb-caption-title-font-style:var(--h2_typography-font-style);--awb-caption-title-size:var(--h2_typography-font-size);--awb-caption-title-transform:var(--h2_typography-text-transform);--awb-caption-title-line-height:var(--h2_typography-line-height);--awb-caption-title-letter-spacing:var(--h2_typography-letter-spacing);\"><span class=\" fusion-imageframe imageframe-none imageframe-2 hover-type-none\"><a href=\"https:\/\/martrocatala.com\/wp-content\/uploads\/2023\/12\/RM-Aillada1-int005.jpg\" class=\"fusion-lightbox\" data-rel=\"iLightbox[3e7d85a6dacf7ee802e]\" data-title=\"RM-Aillada1-int005\" title=\"RM-Aillada1-int005\"><img decoding=\"async\" width=\"1050\" height=\"1400\" alt=\"Martro Catal\u00e0 Arquitectes al Vall\u00e8s\" src=\"https:\/\/martrocatala.com\/wp-content\/uploads\/2023\/12\/RM-Aillada1-int005.jpg\" class=\"img-responsive wp-image-1322\" srcset=\"https:\/\/martrocatala.com\/wp-content\/uploads\/2023\/12\/RM-Aillada1-int005-200x267.jpg 200w, https:\/\/martrocatala.com\/wp-content\/uploads\/2023\/12\/RM-Aillada1-int005-400x533.jpg 400w, https:\/\/martrocatala.com\/wp-content\/uploads\/2023\/12\/RM-Aillada1-int005-600x800.jpg 600w, https:\/\/martrocatala.com\/wp-content\/uploads\/2023\/12\/RM-Aillada1-int005-800x1067.jpg 800w, https:\/\/martrocatala.com\/wp-content\/uploads\/2023\/12\/RM-Aillada1-int005.jpg 1050w\" sizes=\"(max-width: 800px) 100vw, 600px\" \/><\/a><\/span><\/div><\/div><\/div><\/div><\/div><\/p>\n","protected":false},"excerpt":{"rendered":"","protected":false},"author":1,"featured_media":1065,"menu_order":0,"comment_status":"closed","ping_status":"closed","template":"","format":"standard","meta":{"inline_featured_image":false,"footnotes":""},"portfolio_category":[15],"portfolio_skills":[8],"portfolio_tags":[35],"class_list":["post-999","avada_portfolio","type-avada_portfolio","status-publish","format-standard","has-post-thumbnail","hentry","portfolio_category-residencial","portfolio_skills-design","portfolio_tags-casa-unifamiiliar"],"yoast_head":"<!-- This site is optimized with the Yoast SEO plugin v21.7 - https:\/\/yoast.com\/wordpress\/plugins\/seo\/ -->\n<title>Casa unifamiliar a\u00efllada 1 - Matr\u00f3 Catal\u00e0 Arquitectes<\/title>\n<meta name=\"description\" content=\"Habitatge de dos pisos a peu de carrer i un pis inferior a peu de parcel\u00b7la, a la comarca del Vall\u00e8s Oriental.\" \/>\n<meta name=\"robots\" content=\"index, follow, max-snippet:-1, max-image-preview:large, max-video-preview:-1\" \/>\n<link rel=\"canonical\" href=\"https:\/\/martrocatala.com\/es\/portfolio-items\/casa-unifamiliar-aillada-1\/\" \/>\n<meta property=\"og:locale\" content=\"es_ES\" \/>\n<meta property=\"og:type\" content=\"article\" \/>\n<meta property=\"og:title\" content=\"Casa unifamiliar a\u00efllada 1 - Matr\u00f3 Catal\u00e0 Arquitectes\" \/>\n<meta property=\"og:description\" content=\"Habitatge de dos pisos a peu de carrer i un pis inferior a peu de parcel\u00b7la, a la comarca del Vall\u00e8s Oriental.\" \/>\n<meta property=\"og:url\" content=\"https:\/\/martrocatala.com\/es\/portfolio-items\/casa-unifamiliar-aillada-1\/\" \/>\n<meta property=\"og:site_name\" content=\"Matr\u00f3 Catal\u00e0 Arquitectes\" \/>\n<meta property=\"article:modified_time\" content=\"2023-12-13T14:13:43+00:00\" \/>\n<meta property=\"og:image\" content=\"https:\/\/martrocatala.com\/wp-content\/uploads\/2023\/11\/RM_CasaUnifamiliarAillada1_Exterior1_1920x1440.jpg\" \/>\n\t<meta property=\"og:image:width\" content=\"1920\" \/>\n\t<meta property=\"og:image:height\" content=\"1440\" \/>\n\t<meta property=\"og:image:type\" content=\"image\/jpeg\" \/>\n<meta name=\"twitter:card\" content=\"summary_large_image\" \/>\n<meta name=\"twitter:label1\" content=\"Tiempo de lectura\" \/>\n\t<meta name=\"twitter:data1\" content=\"1 minuto\" \/>\n<script type=\"application\/ld+json\" class=\"yoast-schema-graph\">{\"@context\":\"https:\/\/schema.org\",\"@graph\":[{\"@type\":\"WebPage\",\"@id\":\"https:\/\/martrocatala.com\/portfolio-items\/casa-unifamiliar-aillada-1\/\",\"url\":\"https:\/\/martrocatala.com\/portfolio-items\/casa-unifamiliar-aillada-1\/\",\"name\":\"Casa unifamiliar a\u00efllada 1 - Matr\u00f3 Catal\u00e0 Arquitectes\",\"isPartOf\":{\"@id\":\"https:\/\/martrocatala.com\/#website\"},\"datePublished\":\"2023-11-14T14:58:15+00:00\",\"dateModified\":\"2023-12-13T14:13:43+00:00\",\"description\":\"Habitatge de dos pisos a peu de carrer i un pis inferior a peu de parcel\u00b7la, a la comarca del Vall\u00e8s Oriental.\",\"breadcrumb\":{\"@id\":\"https:\/\/martrocatala.com\/portfolio-items\/casa-unifamiliar-aillada-1\/#breadcrumb\"},\"inLanguage\":\"es\",\"potentialAction\":[{\"@type\":\"ReadAction\",\"target\":[\"https:\/\/martrocatala.com\/portfolio-items\/casa-unifamiliar-aillada-1\/\"]}]},{\"@type\":\"BreadcrumbList\",\"@id\":\"https:\/\/martrocatala.com\/portfolio-items\/casa-unifamiliar-aillada-1\/#breadcrumb\",\"itemListElement\":[{\"@type\":\"ListItem\",\"position\":1,\"name\":\"Inici\",\"item\":\"https:\/\/martrocatala.com\/\"},{\"@type\":\"ListItem\",\"position\":2,\"name\":\"Portfolio\",\"item\":\"https:\/\/martrocatala.com\/portfolio-items\/\"},{\"@type\":\"ListItem\",\"position\":3,\"name\":\"Casa unifamiliar a\u00efllada 1\"}]},{\"@type\":\"WebSite\",\"@id\":\"https:\/\/martrocatala.com\/#website\",\"url\":\"https:\/\/martrocatala.com\/\",\"name\":\"Matr\u00f3 Catal\u00e0 Arquitectes\",\"description\":\"\",\"potentialAction\":[{\"@type\":\"SearchAction\",\"target\":{\"@type\":\"EntryPoint\",\"urlTemplate\":\"https:\/\/martrocatala.com\/?s={search_term_string}\"},\"query-input\":\"required name=search_term_string\"}],\"inLanguage\":\"es\"}]}<\/script>\n<!-- \/ Yoast SEO plugin. -->","yoast_head_json":{"title":"Casa unifamiliar a\u00efllada 1 - Matr\u00f3 Catal\u00e0 Arquitectes","description":"Habitatge de dos pisos a peu de carrer i un pis inferior a peu de parcel\u00b7la, a la comarca del Vall\u00e8s Oriental.","robots":{"index":"index","follow":"follow","max-snippet":"max-snippet:-1","max-image-preview":"max-image-preview:large","max-video-preview":"max-video-preview:-1"},"canonical":"https:\/\/martrocatala.com\/es\/portfolio-items\/casa-unifamiliar-aillada-1\/","og_locale":"es_ES","og_type":"article","og_title":"Casa unifamiliar a\u00efllada 1 - Matr\u00f3 Catal\u00e0 Arquitectes","og_description":"Habitatge de dos pisos a peu de carrer i un pis inferior a peu de parcel\u00b7la, a la comarca del Vall\u00e8s Oriental.","og_url":"https:\/\/martrocatala.com\/es\/portfolio-items\/casa-unifamiliar-aillada-1\/","og_site_name":"Matr\u00f3 Catal\u00e0 Arquitectes","article_modified_time":"2023-12-13T14:13:43+00:00","og_image":[{"width":1920,"height":1440,"url":"https:\/\/martrocatala.com\/wp-content\/uploads\/2023\/11\/RM_CasaUnifamiliarAillada1_Exterior1_1920x1440.jpg","type":"image\/jpeg"}],"twitter_card":"summary_large_image","twitter_misc":{"Tiempo de lectura":"1 minuto"},"schema":{"@context":"https:\/\/schema.org","@graph":[{"@type":"WebPage","@id":"https:\/\/martrocatala.com\/portfolio-items\/casa-unifamiliar-aillada-1\/","url":"https:\/\/martrocatala.com\/portfolio-items\/casa-unifamiliar-aillada-1\/","name":"Casa unifamiliar a\u00efllada 1 - Matr\u00f3 Catal\u00e0 Arquitectes","isPartOf":{"@id":"https:\/\/martrocatala.com\/#website"},"datePublished":"2023-11-14T14:58:15+00:00","dateModified":"2023-12-13T14:13:43+00:00","description":"Habitatge de dos pisos a peu de carrer i un pis inferior a peu de parcel\u00b7la, a la comarca del Vall\u00e8s Oriental.","breadcrumb":{"@id":"https:\/\/martrocatala.com\/portfolio-items\/casa-unifamiliar-aillada-1\/#breadcrumb"},"inLanguage":"es","potentialAction":[{"@type":"ReadAction","target":["https:\/\/martrocatala.com\/portfolio-items\/casa-unifamiliar-aillada-1\/"]}]},{"@type":"BreadcrumbList","@id":"https:\/\/martrocatala.com\/portfolio-items\/casa-unifamiliar-aillada-1\/#breadcrumb","itemListElement":[{"@type":"ListItem","position":1,"name":"Inici","item":"https:\/\/martrocatala.com\/"},{"@type":"ListItem","position":2,"name":"Portfolio","item":"https:\/\/martrocatala.com\/portfolio-items\/"},{"@type":"ListItem","position":3,"name":"Casa unifamiliar a\u00efllada 1"}]},{"@type":"WebSite","@id":"https:\/\/martrocatala.com\/#website","url":"https:\/\/martrocatala.com\/","name":"Matr\u00f3 Catal\u00e0 Arquitectes","description":"","potentialAction":[{"@type":"SearchAction","target":{"@type":"EntryPoint","urlTemplate":"https:\/\/martrocatala.com\/?s={search_term_string}"},"query-input":"required name=search_term_string"}],"inLanguage":"es"}]}},"_links":{"self":[{"href":"https:\/\/martrocatala.com\/es\/wp-json\/wp\/v2\/avada_portfolio\/999","targetHints":{"allow":["GET"]}}],"collection":[{"href":"https:\/\/martrocatala.com\/es\/wp-json\/wp\/v2\/avada_portfolio"}],"about":[{"href":"https:\/\/martrocatala.com\/es\/wp-json\/wp\/v2\/types\/avada_portfolio"}],"author":[{"embeddable":true,"href":"https:\/\/martrocatala.com\/es\/wp-json\/wp\/v2\/users\/1"}],"replies":[{"embeddable":true,"href":"https:\/\/martrocatala.com\/es\/wp-json\/wp\/v2\/comments?post=999"}],"version-history":[{"count":20,"href":"https:\/\/martrocatala.com\/es\/wp-json\/wp\/v2\/avada_portfolio\/999\/revisions"}],"predecessor-version":[{"id":1070,"href":"https:\/\/martrocatala.com\/es\/wp-json\/wp\/v2\/avada_portfolio\/999\/revisions\/1070"}],"wp:featuredmedia":[{"embeddable":true,"href":"https:\/\/martrocatala.com\/es\/wp-json\/wp\/v2\/media\/1065"}],"wp:attachment":[{"href":"https:\/\/martrocatala.com\/es\/wp-json\/wp\/v2\/media?parent=999"}],"wp:term":[{"taxonomy":"portfolio_category","embeddable":true,"href":"https:\/\/martrocatala.com\/es\/wp-json\/wp\/v2\/portfolio_category?post=999"},{"taxonomy":"portfolio_skills","embeddable":true,"href":"https:\/\/martrocatala.com\/es\/wp-json\/wp\/v2\/portfolio_skills?post=999"},{"taxonomy":"portfolio_tags","embeddable":true,"href":"https:\/\/martrocatala.com\/es\/wp-json\/wp\/v2\/portfolio_tags?post=999"}],"curies":[{"name":"wp","href":"https:\/\/api.w.org\/{rel}","templated":true}]}}