{"id":13,"date":"2015-02-10T19:21:53","date_gmt":"2015-02-10T19:21:53","guid":{"rendered":"https:\/\/avada.theme-fusion.com_demos\/architecture\/?page_id=13"},"modified":"2023-12-13T16:06:27","modified_gmt":"2023-12-13T14:06:27","slug":"projectes","status":"publish","type":"page","link":"https:\/\/martrocatala.com\/es\/projectes\/","title":{"rendered":"Proyectos"},"content":{"rendered":"<div class=\"fusion-fullwidth fullwidth-box fusion-builder-row-1 fusion-flex-container has-pattern-background has-mask-background nonhundred-percent-fullwidth non-hundred-percent-height-scrolling\" style=\"--awb-background-position:left top;--awb-border-sizes-top:0px;--awb-border-sizes-bottom:0px;--awb-border-sizes-left:0px;--awb-border-sizes-right:0px;--awb-border-radius-top-left:0px;--awb-border-radius-top-right:0px;--awb-border-radius-bottom-right:0px;--awb-border-radius-bottom-left:0px;--awb-padding-top:60px;--awb-padding-bottom:60px;--awb-padding-top-medium:0px;--awb-padding-bottom-medium:0px;--awb-padding-top-small:0px;--awb-padding-bottom-small:0px;--awb-flex-wrap:wrap;\" ><div class=\"fusion-builder-row fusion-row fusion-flex-align-items-flex-start fusion-flex-content-wrap\" style=\"max-width:1248px;margin-left: calc(-4% \/ 2 );margin-right: calc(-4% \/ 2 );\"><div class=\"fusion-layout-column fusion_builder_column fusion-builder-column-0 fusion_builder_column_1_1 1_1 fusion-flex-column fusion-flex-align-self-flex-start fusion-column-no-min-height\" style=\"--awb-bg-size:cover;--awb-width-large:100%;--awb-margin-top-large:0px;--awb-spacing-right-large:1.92%;--awb-margin-bottom-large:0px;--awb-spacing-left-large:1.92%;--awb-width-medium:100%;--awb-spacing-right-medium:1.92%;--awb-spacing-left-medium:1.92%;--awb-width-small:100%;--awb-spacing-right-small:1.92%;--awb-spacing-left-small:1.92%;\"><div class=\"fusion-column-wrapper fusion-flex-justify-content-flex-start fusion-content-layout-column\"><div class=\"fusion-recent-works fusion-portfolio-element fusion-portfolio fusion-portfolio-1 fusion-portfolio-grid fusion-portfolio-paging-infinite fusion-portfolio-three fusion-portfolio-no_text fusion-portfolio-rollover\" data-id=\"-rw-1\" data-columns=\"three\"><style type=\"text\/css\">.fusion-portfolio-1 .fusion-portfolio-wrapper .fusion-col-spacing{padding:15px;}<\/style><div class=\"fusion-portfolio-wrapper\" id=\"fusion-portfolio-1\" data-picturesize=\"auto\" data-pages=\"1\" style=\"margin:-15px;\"><article id=\"portfolio-1-post-999\" class=\"fusion-portfolio-post residencial fusion-col-spacing post-999\"><div class=\"fusion-portfolio-content-wrapper\" style=\"border:none;\"><span class=\"entry-title rich-snippet-hidden\">Casa unifamiliar aislada 1<\/span><span class=\"vcard rich-snippet-hidden\"><span class=\"fn\"><a href=\"https:\/\/martrocatala.com\/es\/author\/tgd\/\" title=\"Entradas de tgd\" rel=\"author\">tgd<\/a><\/span><\/span><span class=\"updated rich-snippet-hidden\">2023-12-13T16:13:43+02:00<\/span><div  class=\"fusion-image-wrapper\" aria-haspopup=\"true\">\n\t\t\t\t<img decoding=\"async\" width=\"1920\" height=\"1440\" src=\"https:\/\/martrocatala.com\/wp-content\/uploads\/2023\/11\/RM_CasaUnifamiliarAillada1_Exterior1_1920x1440.jpg\" class=\"attachment-full size-full wp-post-image\" alt=\"Martro Catal\u00e0 Arquitectes al Vall\u00e8s\" srcset=\"https:\/\/martrocatala.com\/wp-content\/uploads\/2023\/11\/RM_CasaUnifamiliarAillada1_Exterior1_1920x1440-200x150.jpg 200w, https:\/\/martrocatala.com\/wp-content\/uploads\/2023\/11\/RM_CasaUnifamiliarAillada1_Exterior1_1920x1440-400x300.jpg 400w, https:\/\/martrocatala.com\/wp-content\/uploads\/2023\/11\/RM_CasaUnifamiliarAillada1_Exterior1_1920x1440-600x450.jpg 600w, https:\/\/martrocatala.com\/wp-content\/uploads\/2023\/11\/RM_CasaUnifamiliarAillada1_Exterior1_1920x1440-800x600.jpg 800w, https:\/\/martrocatala.com\/wp-content\/uploads\/2023\/11\/RM_CasaUnifamiliarAillada1_Exterior1_1920x1440-1200x900.jpg 1200w, https:\/\/martrocatala.com\/wp-content\/uploads\/2023\/11\/RM_CasaUnifamiliarAillada1_Exterior1_1920x1440.jpg 1920w\" sizes=\"(min-width: 2200px) 100vw, (min-width: 784px) 380px, (min-width: 712px) 570px, (min-width: 640px) 712px, \" \/><div class=\"fusion-rollover\">\n\t<div class=\"fusion-rollover-content\">\n\n\t\t\t\t\t\t\t\t\t\t\t\t\t\t<a class=\"fusion-rollover-link\" href=\"https:\/\/martrocatala.com\/es\/portfolio-items\/casa-unifamiliar-aillada-1\/\" target=\"_blank\">Casa unifamiliar aislada 1<\/a>\n\t\t\t\n\t\t\t\t\t\t\t\t\t\t\t\t\t\t\n\t\t\t\t\t\t\t\t\n\t\t\t\t\t\t\t\t\t\t\t\t\t<div class=\"fusion-rollover-sep\"><\/div>\n\t\t\t\t\n\t\t\t\t\t\t\t\t\t\t\t\t\t\t\t\t\t\t<a class=\"fusion-rollover-gallery\" href=\"https:\/\/martrocatala.com\/wp-content\/uploads\/2023\/11\/RM_CasaUnifamiliarAillada1_Exterior1_1920x1440.jpg\" data-id=\"999\" data-rel=\"iLightbox[gallery-rw-1]\" data-title=\"RM_CasaUnifamiliarAillada1_Exterior1_1920x1440\" data-caption=\"\">\n\t\t\t\t\t\tGallery\t\t\t\t\t<\/a>\n\t\t\t\t\t\t\t\t\t\t\t\t\t\t\n\t\t\n\t\t\t\t\t\t\t\t\t\t\t\t<h4 class=\"fusion-rollover-title\">\n\t\t\t\t\t<a class=\"fusion-rollover-title-link\" href=\"https:\/\/martrocatala.com\/es\/portfolio-items\/casa-unifamiliar-aillada-1\/\" target=\"_blank\">\n\t\t\t\t\t\tCasa unifamiliar aislada 1\t\t\t\t\t<\/a>\n\t\t\t\t<\/h4>\n\t\t\t\n\t\t\t\t\t\t\t\t\t\t<div class=\"fusion-rollover-categories\"><a href=\"https:\/\/martrocatala.com\/es\/portfolio_category\/residencial\/\" rel=\"tag\">Residencial<\/a><\/div>\t\t\t\t\t\n\t\t\n\t\t\t\t\t\t<a class=\"fusion-link-wrapper\" href=\"https:\/\/martrocatala.com\/es\/portfolio-items\/casa-unifamiliar-aillada-1\/\" target=\"_blank\" aria-label=\"Casa unifamiliar aislada 1\"><\/a>\n\t<\/div>\n<\/div>\n<\/div>\n<\/div><\/article><article id=\"portfolio-1-post-177\" class=\"fusion-portfolio-post residencial fusion-col-spacing post-177\"><div class=\"fusion-portfolio-content-wrapper\" style=\"border:none;\"><span class=\"entry-title rich-snippet-hidden\">Casa unifamiliar aislada 2<\/span><span class=\"vcard rich-snippet-hidden\"><span class=\"fn\"><a href=\"https:\/\/martrocatala.com\/es\/author\/tgd\/\" title=\"Entradas de tgd\" rel=\"author\">tgd<\/a><\/span><\/span><span class=\"updated rich-snippet-hidden\">2023-12-13T11:08:00+02:00<\/span><div  class=\"fusion-image-wrapper\" aria-haspopup=\"true\">\n\t\t\t\t<img decoding=\"async\" width=\"1400\" height=\"1050\" src=\"https:\/\/martrocatala.com\/wp-content\/uploads\/2015\/02\/RM_CasaUnifamiliarAillada2_Exterior6_1400x1050.jpg\" class=\"attachment-full size-full wp-post-image\" alt=\"Martro Catal\u00e0 Arquitectes al Vall\u00e8s\" srcset=\"https:\/\/martrocatala.com\/wp-content\/uploads\/2015\/02\/RM_CasaUnifamiliarAillada2_Exterior6_1400x1050-200x150.jpg 200w, https:\/\/martrocatala.com\/wp-content\/uploads\/2015\/02\/RM_CasaUnifamiliarAillada2_Exterior6_1400x1050-400x300.jpg 400w, https:\/\/martrocatala.com\/wp-content\/uploads\/2015\/02\/RM_CasaUnifamiliarAillada2_Exterior6_1400x1050-600x450.jpg 600w, https:\/\/martrocatala.com\/wp-content\/uploads\/2015\/02\/RM_CasaUnifamiliarAillada2_Exterior6_1400x1050-800x600.jpg 800w, https:\/\/martrocatala.com\/wp-content\/uploads\/2015\/02\/RM_CasaUnifamiliarAillada2_Exterior6_1400x1050-1200x900.jpg 1200w, https:\/\/martrocatala.com\/wp-content\/uploads\/2015\/02\/RM_CasaUnifamiliarAillada2_Exterior6_1400x1050.jpg 1400w\" sizes=\"(min-width: 2200px) 100vw, (min-width: 784px) 380px, (min-width: 712px) 570px, (min-width: 640px) 712px, \" \/><div class=\"fusion-rollover\">\n\t<div class=\"fusion-rollover-content\">\n\n\t\t\t\t\t\t\t\t\t\t\t\t\t\t<a class=\"fusion-rollover-link\" href=\"https:\/\/martrocatala.com\/es\/portfolio-items\/casa-unifamiliar-aillada-2\/\" target=\"_blank\">Casa unifamiliar aislada 2<\/a>\n\t\t\t\n\t\t\t\t\t\t\t\t\t\t\t\t\t\t\n\t\t\t\t\t\t\t\t\n\t\t\t\t\t\t\t\t\t\t\t\t\t<div class=\"fusion-rollover-sep\"><\/div>\n\t\t\t\t\n\t\t\t\t\t\t\t\t\t\t\t\t\t\t\t\t\t\t<a class=\"fusion-rollover-gallery\" href=\"https:\/\/martrocatala.com\/wp-content\/uploads\/2015\/02\/RM_CasaUnifamiliarAillada2_Exterior6_1400x1050.jpg\" data-id=\"177\" data-rel=\"iLightbox[gallery-rw-1]\" data-title=\"RM_CasaUnifamiliarAillada2_Exterior6_1400x1050\" data-caption=\"\">\n\t\t\t\t\t\tGallery\t\t\t\t\t<\/a>\n\t\t\t\t\t\t\t\t\t\t\t\t\t\t\n\t\t\n\t\t\t\t\t\t\t\t\t\t\t\t<h4 class=\"fusion-rollover-title\">\n\t\t\t\t\t<a class=\"fusion-rollover-title-link\" href=\"https:\/\/martrocatala.com\/es\/portfolio-items\/casa-unifamiliar-aillada-2\/\" target=\"_blank\">\n\t\t\t\t\t\tCasa unifamiliar aislada 2\t\t\t\t\t<\/a>\n\t\t\t\t<\/h4>\n\t\t\t\n\t\t\t\t\t\t\t\t\t\t<div class=\"fusion-rollover-categories\"><a href=\"https:\/\/martrocatala.com\/es\/portfolio_category\/residencial\/\" rel=\"tag\">Residencial<\/a><\/div>\t\t\t\t\t\n\t\t\n\t\t\t\t\t\t<a class=\"fusion-link-wrapper\" href=\"https:\/\/martrocatala.com\/es\/portfolio-items\/casa-unifamiliar-aillada-2\/\" target=\"_blank\" aria-label=\"Casa unifamiliar aislada 2\"><\/a>\n\t<\/div>\n<\/div>\n<\/div>\n<\/div><\/article><article id=\"portfolio-1-post-176\" class=\"fusion-portfolio-post residencial fusion-col-spacing post-176\"><div class=\"fusion-portfolio-content-wrapper\" style=\"border:none;\"><span class=\"entry-title rich-snippet-hidden\">Casa unifamiliar aislada 3<\/span><span class=\"vcard rich-snippet-hidden\"><span class=\"fn\"><a href=\"https:\/\/martrocatala.com\/es\/author\/tgd\/\" title=\"Entradas de tgd\" rel=\"author\">tgd<\/a><\/span><\/span><span class=\"updated rich-snippet-hidden\">2023-12-13T11:08:44+02:00<\/span><div  class=\"fusion-image-wrapper\" aria-haspopup=\"true\">\n\t\t\t\t<img decoding=\"async\" width=\"1920\" height=\"1440\" src=\"https:\/\/martrocatala.com\/wp-content\/uploads\/2015\/02\/RM_CasaUnifamiliarAillada3_Exterior1_1920x1440.jpg\" class=\"attachment-full size-full wp-post-image\" alt=\"Casa Unifamiliar A\u00efllada 3\" srcset=\"https:\/\/martrocatala.com\/wp-content\/uploads\/2015\/02\/RM_CasaUnifamiliarAillada3_Exterior1_1920x1440-200x150.jpg 200w, https:\/\/martrocatala.com\/wp-content\/uploads\/2015\/02\/RM_CasaUnifamiliarAillada3_Exterior1_1920x1440-400x300.jpg 400w, https:\/\/martrocatala.com\/wp-content\/uploads\/2015\/02\/RM_CasaUnifamiliarAillada3_Exterior1_1920x1440-600x450.jpg 600w, https:\/\/martrocatala.com\/wp-content\/uploads\/2015\/02\/RM_CasaUnifamiliarAillada3_Exterior1_1920x1440-800x600.jpg 800w, https:\/\/martrocatala.com\/wp-content\/uploads\/2015\/02\/RM_CasaUnifamiliarAillada3_Exterior1_1920x1440-1200x900.jpg 1200w, https:\/\/martrocatala.com\/wp-content\/uploads\/2015\/02\/RM_CasaUnifamiliarAillada3_Exterior1_1920x1440.jpg 1920w\" sizes=\"(min-width: 2200px) 100vw, (min-width: 784px) 380px, (min-width: 712px) 570px, (min-width: 640px) 712px, \" \/><div class=\"fusion-rollover\">\n\t<div class=\"fusion-rollover-content\">\n\n\t\t\t\t\t\t\t\t\t\t\t\t\t\t<a class=\"fusion-rollover-link\" href=\"https:\/\/martrocatala.com\/es\/portfolio-items\/casa-unifamiliar-aillada-3\/\" target=\"_blank\">Casa unifamiliar aislada 3<\/a>\n\t\t\t\n\t\t\t\t\t\t\t\t\t\t\t\t\t\t\n\t\t\t\t\t\t\t\t\n\t\t\t\t\t\t\t\t\t\t\t\t\t<div class=\"fusion-rollover-sep\"><\/div>\n\t\t\t\t\n\t\t\t\t\t\t\t\t\t\t\t\t\t\t\t\t\t\t<a class=\"fusion-rollover-gallery\" href=\"https:\/\/martrocatala.com\/wp-content\/uploads\/2015\/02\/RM_CasaUnifamiliarAillada3_Exterior1_1920x1440.jpg\" data-id=\"176\" data-rel=\"iLightbox[gallery-rw-1]\" data-title=\"RM_CasaUnifamiliarAillada3_Exterior1_1920x1440\" data-caption=\"\">\n\t\t\t\t\t\tGallery\t\t\t\t\t<\/a>\n\t\t\t\t\t\t\t\t\t\t\t\t\t\t\n\t\t\n\t\t\t\t\t\t\t\t\t\t\t\t<h4 class=\"fusion-rollover-title\">\n\t\t\t\t\t<a class=\"fusion-rollover-title-link\" href=\"https:\/\/martrocatala.com\/es\/portfolio-items\/casa-unifamiliar-aillada-3\/\" target=\"_blank\">\n\t\t\t\t\t\tCasa unifamiliar aislada 3\t\t\t\t\t<\/a>\n\t\t\t\t<\/h4>\n\t\t\t\n\t\t\t\t\t\t\t\t\t\t<div class=\"fusion-rollover-categories\"><a href=\"https:\/\/martrocatala.com\/es\/portfolio_category\/residencial\/\" rel=\"tag\">Residencial<\/a><\/div>\t\t\t\t\t\n\t\t\n\t\t\t\t\t\t<a class=\"fusion-link-wrapper\" href=\"https:\/\/martrocatala.com\/es\/portfolio-items\/casa-unifamiliar-aillada-3\/\" target=\"_blank\" aria-label=\"Casa unifamiliar aislada 3\"><\/a>\n\t<\/div>\n<\/div>\n<\/div>\n<\/div><\/article><article id=\"portfolio-1-post-175\" class=\"fusion-portfolio-post residencial fusion-col-spacing post-175\"><div class=\"fusion-portfolio-content-wrapper\" style=\"border:none;\"><span class=\"entry-title rich-snippet-hidden\">Casa unifamiliar aislada 4<\/span><span class=\"vcard rich-snippet-hidden\"><span class=\"fn\"><a href=\"https:\/\/martrocatala.com\/es\/author\/tgd\/\" title=\"Entradas de tgd\" rel=\"author\">tgd<\/a><\/span><\/span><span class=\"updated rich-snippet-hidden\">2023-12-13T11:28:50+02:00<\/span><div  class=\"fusion-image-wrapper\" aria-haspopup=\"true\">\n\t\t\t\t<img decoding=\"async\" width=\"1920\" height=\"1440\" src=\"https:\/\/martrocatala.com\/wp-content\/uploads\/2015\/02\/RM_CasaUnifamiliarAillada3_Exterior1_1920x1440-1.jpg\" class=\"attachment-full size-full wp-post-image\" alt=\"Casa Unifamiliar A\u00efllada 4\" srcset=\"https:\/\/martrocatala.com\/wp-content\/uploads\/2015\/02\/RM_CasaUnifamiliarAillada3_Exterior1_1920x1440-1-200x150.jpg 200w, https:\/\/martrocatala.com\/wp-content\/uploads\/2015\/02\/RM_CasaUnifamiliarAillada3_Exterior1_1920x1440-1-400x300.jpg 400w, https:\/\/martrocatala.com\/wp-content\/uploads\/2015\/02\/RM_CasaUnifamiliarAillada3_Exterior1_1920x1440-1-600x450.jpg 600w, https:\/\/martrocatala.com\/wp-content\/uploads\/2015\/02\/RM_CasaUnifamiliarAillada3_Exterior1_1920x1440-1-800x600.jpg 800w, https:\/\/martrocatala.com\/wp-content\/uploads\/2015\/02\/RM_CasaUnifamiliarAillada3_Exterior1_1920x1440-1-1200x900.jpg 1200w, https:\/\/martrocatala.com\/wp-content\/uploads\/2015\/02\/RM_CasaUnifamiliarAillada3_Exterior1_1920x1440-1.jpg 1920w\" sizes=\"(min-width: 2200px) 100vw, (min-width: 784px) 380px, (min-width: 712px) 570px, (min-width: 640px) 712px, \" \/><div class=\"fusion-rollover\">\n\t<div class=\"fusion-rollover-content\">\n\n\t\t\t\t\t\t\t\t\t\t\t\t\t\t<a class=\"fusion-rollover-link\" href=\"https:\/\/martrocatala.com\/es\/portfolio-items\/casa-unifamiliar-aillada-4\/\" target=\"_blank\">Casa unifamiliar aislada 4<\/a>\n\t\t\t\n\t\t\t\t\t\t\t\t\t\t\t\t\t\t\n\t\t\t\t\t\t\t\t\n\t\t\t\t\t\t\t\t\t\t\t\t\t<div class=\"fusion-rollover-sep\"><\/div>\n\t\t\t\t\n\t\t\t\t\t\t\t\t\t\t\t\t\t\t\t\t\t\t<a class=\"fusion-rollover-gallery\" href=\"https:\/\/martrocatala.com\/wp-content\/uploads\/2015\/02\/RM_CasaUnifamiliarAillada3_Exterior1_1920x1440-1.jpg\" data-id=\"175\" data-rel=\"iLightbox[gallery-rw-1]\" data-title=\"RM_CasaUnifamiliarAillada4_Exterior1_1920x1440\" data-caption=\"\">\n\t\t\t\t\t\tGallery\t\t\t\t\t<\/a>\n\t\t\t\t\t\t\t\t\t\t\t\t\t\t\n\t\t\n\t\t\t\t\t\t\t\t\t\t\t\t<h4 class=\"fusion-rollover-title\">\n\t\t\t\t\t<a class=\"fusion-rollover-title-link\" href=\"https:\/\/martrocatala.com\/es\/portfolio-items\/casa-unifamiliar-aillada-4\/\" target=\"_blank\">\n\t\t\t\t\t\tCasa unifamiliar aislada 4\t\t\t\t\t<\/a>\n\t\t\t\t<\/h4>\n\t\t\t\n\t\t\t\t\t\t\t\t\t\t<div class=\"fusion-rollover-categories\"><a href=\"https:\/\/martrocatala.com\/es\/portfolio_category\/residencial\/\" rel=\"tag\">Residencial<\/a><\/div>\t\t\t\t\t\n\t\t\n\t\t\t\t\t\t<a class=\"fusion-link-wrapper\" href=\"https:\/\/martrocatala.com\/es\/portfolio-items\/casa-unifamiliar-aillada-4\/\" target=\"_blank\" aria-label=\"Casa unifamiliar aislada 4\"><\/a>\n\t<\/div>\n<\/div>\n<\/div>\n<\/div><\/article><article id=\"portfolio-1-post-174\" class=\"fusion-portfolio-post residencial fusion-col-spacing post-174\"><div class=\"fusion-portfolio-content-wrapper\" style=\"border:none;\"><span class=\"entry-title rich-snippet-hidden\">Casa unifamiliar aislada 5<\/span><span class=\"vcard rich-snippet-hidden\"><span class=\"fn\"><a href=\"https:\/\/martrocatala.com\/es\/author\/tgd\/\" title=\"Entradas de tgd\" rel=\"author\">tgd<\/a><\/span><\/span><span class=\"updated rich-snippet-hidden\">2023-12-13T11:29:29+02:00<\/span><div  class=\"fusion-image-wrapper\" aria-haspopup=\"true\">\n\t\t\t\t<img decoding=\"async\" width=\"1920\" height=\"1440\" src=\"https:\/\/martrocatala.com\/wp-content\/uploads\/2015\/02\/RM_CasaUnifamiliarAillada5_Exterior2_1920x1440.jpg\" class=\"attachment-full size-full wp-post-image\" alt=\"Casa Unifamiliar A\u00efllada 5\" srcset=\"https:\/\/martrocatala.com\/wp-content\/uploads\/2015\/02\/RM_CasaUnifamiliarAillada5_Exterior2_1920x1440-200x150.jpg 200w, https:\/\/martrocatala.com\/wp-content\/uploads\/2015\/02\/RM_CasaUnifamiliarAillada5_Exterior2_1920x1440-400x300.jpg 400w, https:\/\/martrocatala.com\/wp-content\/uploads\/2015\/02\/RM_CasaUnifamiliarAillada5_Exterior2_1920x1440-600x450.jpg 600w, https:\/\/martrocatala.com\/wp-content\/uploads\/2015\/02\/RM_CasaUnifamiliarAillada5_Exterior2_1920x1440-800x600.jpg 800w, https:\/\/martrocatala.com\/wp-content\/uploads\/2015\/02\/RM_CasaUnifamiliarAillada5_Exterior2_1920x1440-1200x900.jpg 1200w, https:\/\/martrocatala.com\/wp-content\/uploads\/2015\/02\/RM_CasaUnifamiliarAillada5_Exterior2_1920x1440.jpg 1920w\" sizes=\"(min-width: 2200px) 100vw, (min-width: 784px) 380px, (min-width: 712px) 570px, (min-width: 640px) 712px, \" \/><div class=\"fusion-rollover\">\n\t<div class=\"fusion-rollover-content\">\n\n\t\t\t\t\t\t\t\t\t\t\t\t\t\t<a class=\"fusion-rollover-link\" href=\"https:\/\/martrocatala.com\/es\/portfolio-items\/casa-unifamiliar-aillada-5\/\" target=\"_blank\">Casa unifamiliar aislada 5<\/a>\n\t\t\t\n\t\t\t\t\t\t\t\t\t\t\t\t\t\t\n\t\t\t\t\t\t\t\t\n\t\t\t\t\t\t\t\t\t\t\t\t\t<div class=\"fusion-rollover-sep\"><\/div>\n\t\t\t\t\n\t\t\t\t\t\t\t\t\t\t\t\t\t\t\t\t\t\t<a class=\"fusion-rollover-gallery\" href=\"https:\/\/martrocatala.com\/wp-content\/uploads\/2015\/02\/RM_CasaUnifamiliarAillada5_Exterior2_1920x1440.jpg\" data-id=\"174\" data-rel=\"iLightbox[gallery-rw-1]\" data-title=\"RM_CasaUnifamiliarAillada5_Exterior2_1920x1440\" data-caption=\"\">\n\t\t\t\t\t\tGallery\t\t\t\t\t<\/a>\n\t\t\t\t\t\t\t\t\t\t\t\t\t\t\n\t\t\n\t\t\t\t\t\t\t\t\t\t\t\t<h4 class=\"fusion-rollover-title\">\n\t\t\t\t\t<a class=\"fusion-rollover-title-link\" href=\"https:\/\/martrocatala.com\/es\/portfolio-items\/casa-unifamiliar-aillada-5\/\" target=\"_blank\">\n\t\t\t\t\t\tCasa unifamiliar aislada 5\t\t\t\t\t<\/a>\n\t\t\t\t<\/h4>\n\t\t\t\n\t\t\t\t\t\t\t\t\t\t<div class=\"fusion-rollover-categories\"><a href=\"https:\/\/martrocatala.com\/es\/portfolio_category\/residencial\/\" rel=\"tag\">Residencial<\/a><\/div>\t\t\t\t\t\n\t\t\n\t\t\t\t\t\t<a class=\"fusion-link-wrapper\" href=\"https:\/\/martrocatala.com\/es\/portfolio-items\/casa-unifamiliar-aillada-5\/\" target=\"_blank\" aria-label=\"Casa unifamiliar aislada 5\"><\/a>\n\t<\/div>\n<\/div>\n<\/div>\n<\/div><\/article><article id=\"portfolio-1-post-172\" class=\"fusion-portfolio-post residencial fusion-col-spacing post-172\"><div class=\"fusion-portfolio-content-wrapper\" style=\"border:none;\"><span class=\"entry-title rich-snippet-hidden\">Casa unifamiliar aislada 6 \u2013 Ampliaci\u00f3n<\/span><span class=\"vcard rich-snippet-hidden\"><span class=\"fn\"><a href=\"https:\/\/martrocatala.com\/es\/author\/tgd\/\" title=\"Entradas de tgd\" rel=\"author\">tgd<\/a><\/span><\/span><span class=\"updated rich-snippet-hidden\">2023-12-13T13:36:30+02:00<\/span><div  class=\"fusion-image-wrapper\" aria-haspopup=\"true\">\n\t\t\t\t<img decoding=\"async\" width=\"1920\" height=\"1440\" src=\"https:\/\/martrocatala.com\/wp-content\/uploads\/2023\/11\/RM_CasaUnifamiliarAillada6_Exterior1_1920x1440.jpg\" class=\"attachment-full size-full wp-post-image\" alt=\"Casa Unifamiliar A\u00efllada 6\" srcset=\"https:\/\/martrocatala.com\/wp-content\/uploads\/2023\/11\/RM_CasaUnifamiliarAillada6_Exterior1_1920x1440-200x150.jpg 200w, https:\/\/martrocatala.com\/wp-content\/uploads\/2023\/11\/RM_CasaUnifamiliarAillada6_Exterior1_1920x1440-400x300.jpg 400w, https:\/\/martrocatala.com\/wp-content\/uploads\/2023\/11\/RM_CasaUnifamiliarAillada6_Exterior1_1920x1440-600x450.jpg 600w, https:\/\/martrocatala.com\/wp-content\/uploads\/2023\/11\/RM_CasaUnifamiliarAillada6_Exterior1_1920x1440-800x600.jpg 800w, https:\/\/martrocatala.com\/wp-content\/uploads\/2023\/11\/RM_CasaUnifamiliarAillada6_Exterior1_1920x1440-1200x900.jpg 1200w, https:\/\/martrocatala.com\/wp-content\/uploads\/2023\/11\/RM_CasaUnifamiliarAillada6_Exterior1_1920x1440.jpg 1920w\" sizes=\"(min-width: 2200px) 100vw, (min-width: 784px) 380px, (min-width: 712px) 570px, (min-width: 640px) 712px, \" \/><div class=\"fusion-rollover\">\n\t<div class=\"fusion-rollover-content\">\n\n\t\t\t\t\t\t\t\t\t\t\t\t\t\t<a class=\"fusion-rollover-link\" href=\"https:\/\/martrocatala.com\/es\/portfolio-items\/casa-unifamiliar-aillada-6-ampliacio\/\" target=\"_blank\">Casa unifamiliar aislada 6 \u2013 Ampliaci\u00f3n<\/a>\n\t\t\t\n\t\t\t\t\t\t\t\t\t\t\t\t\t\t\n\t\t\t\t\t\t\t\t\n\t\t\t\t\t\t\t\t\t\t\t\t\t<div class=\"fusion-rollover-sep\"><\/div>\n\t\t\t\t\n\t\t\t\t\t\t\t\t\t\t\t\t\t\t\t\t\t\t<a class=\"fusion-rollover-gallery\" href=\"https:\/\/martrocatala.com\/wp-content\/uploads\/2023\/11\/RM_CasaUnifamiliarAillada6_Exterior1_1920x1440.jpg\" data-id=\"172\" data-rel=\"iLightbox[gallery-rw-1]\" data-title=\"RM_CasaUnifamiliarAillada6_Exterior1_1920x1440\" data-caption=\"\">\n\t\t\t\t\t\tGallery\t\t\t\t\t<\/a>\n\t\t\t\t\t\t\t\t\t\t\t\t\t\t\n\t\t\n\t\t\t\t\t\t\t\t\t\t\t\t<h4 class=\"fusion-rollover-title\">\n\t\t\t\t\t<a class=\"fusion-rollover-title-link\" href=\"https:\/\/martrocatala.com\/es\/portfolio-items\/casa-unifamiliar-aillada-6-ampliacio\/\" target=\"_blank\">\n\t\t\t\t\t\tCasa unifamiliar aislada 6 \u2013 Ampliaci\u00f3n\t\t\t\t\t<\/a>\n\t\t\t\t<\/h4>\n\t\t\t\n\t\t\t\t\t\t\t\t\t\t<div class=\"fusion-rollover-categories\"><a href=\"https:\/\/martrocatala.com\/es\/portfolio_category\/residencial\/\" rel=\"tag\">Residencial<\/a><\/div>\t\t\t\t\t\n\t\t\n\t\t\t\t\t\t<a class=\"fusion-link-wrapper\" href=\"https:\/\/martrocatala.com\/es\/portfolio-items\/casa-unifamiliar-aillada-6-ampliacio\/\" target=\"_blank\" aria-label=\"Casa unifamiliar aislada 6 \u2013 Ampliaci\u00f3n\"><\/a>\n\t<\/div>\n<\/div>\n<\/div>\n<\/div><\/article><article id=\"portfolio-1-post-173\" class=\"fusion-portfolio-post residencial fusion-col-spacing post-173\"><div class=\"fusion-portfolio-content-wrapper\" style=\"border:none;\"><span class=\"entry-title rich-snippet-hidden\">Casa unifamiliar entre medianeras 1<\/span><span class=\"vcard rich-snippet-hidden\"><span class=\"fn\"><a href=\"https:\/\/martrocatala.com\/es\/author\/tgd\/\" title=\"Entradas de tgd\" rel=\"author\">tgd<\/a><\/span><\/span><span class=\"updated rich-snippet-hidden\">2023-12-13T13:41:44+02:00<\/span><div  class=\"fusion-image-wrapper\" aria-haspopup=\"true\">\n\t\t\t\t<img decoding=\"async\" width=\"1400\" height=\"1050\" src=\"https:\/\/martrocatala.com\/wp-content\/uploads\/2015\/02\/RM_CasaUnifamiliarMitgeres_Interior1_1400x1050.jpg\" class=\"attachment-full size-full wp-post-image\" alt=\"Casa unifamiliar entre mitgeres 1\" srcset=\"https:\/\/martrocatala.com\/wp-content\/uploads\/2015\/02\/RM_CasaUnifamiliarMitgeres_Interior1_1400x1050-200x150.jpg 200w, https:\/\/martrocatala.com\/wp-content\/uploads\/2015\/02\/RM_CasaUnifamiliarMitgeres_Interior1_1400x1050-400x300.jpg 400w, https:\/\/martrocatala.com\/wp-content\/uploads\/2015\/02\/RM_CasaUnifamiliarMitgeres_Interior1_1400x1050-600x450.jpg 600w, https:\/\/martrocatala.com\/wp-content\/uploads\/2015\/02\/RM_CasaUnifamiliarMitgeres_Interior1_1400x1050-800x600.jpg 800w, https:\/\/martrocatala.com\/wp-content\/uploads\/2015\/02\/RM_CasaUnifamiliarMitgeres_Interior1_1400x1050-1200x900.jpg 1200w, https:\/\/martrocatala.com\/wp-content\/uploads\/2015\/02\/RM_CasaUnifamiliarMitgeres_Interior1_1400x1050.jpg 1400w\" sizes=\"(min-width: 2200px) 100vw, (min-width: 784px) 380px, (min-width: 712px) 570px, (min-width: 640px) 712px, \" \/><div class=\"fusion-rollover\">\n\t<div class=\"fusion-rollover-content\">\n\n\t\t\t\t\t\t\t\t\t\t\t\t\t\t<a class=\"fusion-rollover-link\" href=\"https:\/\/martrocatala.com\/es\/portfolio-items\/casa-unifamiliar-entre-mitgeres-1\/\" target=\"_blank\">Casa unifamiliar entre medianeras 1<\/a>\n\t\t\t\n\t\t\t\t\t\t\t\t\t\t\t\t\t\t\n\t\t\t\t\t\t\t\t\n\t\t\t\t\t\t\t\t\t\t\t\t\t<div class=\"fusion-rollover-sep\"><\/div>\n\t\t\t\t\n\t\t\t\t\t\t\t\t\t\t\t\t\t\t\t\t\t\t<a class=\"fusion-rollover-gallery\" href=\"https:\/\/martrocatala.com\/wp-content\/uploads\/2015\/02\/RM_CasaUnifamiliarMitgeres_Interior1_1400x1050.jpg\" data-id=\"173\" data-rel=\"iLightbox[gallery-rw-1]\" data-title=\"RM_CasaUnifamiliarMitgeres_Interior1_1400x1050\" data-caption=\"\">\n\t\t\t\t\t\tGallery\t\t\t\t\t<\/a>\n\t\t\t\t\t\t\t\t\t\t\t\t\t\t\n\t\t\n\t\t\t\t\t\t\t\t\t\t\t\t<h4 class=\"fusion-rollover-title\">\n\t\t\t\t\t<a class=\"fusion-rollover-title-link\" href=\"https:\/\/martrocatala.com\/es\/portfolio-items\/casa-unifamiliar-entre-mitgeres-1\/\" target=\"_blank\">\n\t\t\t\t\t\tCasa unifamiliar entre medianeras 1\t\t\t\t\t<\/a>\n\t\t\t\t<\/h4>\n\t\t\t\n\t\t\t\t\t\t\t\t\t\t<div class=\"fusion-rollover-categories\"><a href=\"https:\/\/martrocatala.com\/es\/portfolio_category\/residencial\/\" rel=\"tag\">Residencial<\/a><\/div>\t\t\t\t\t\n\t\t\n\t\t\t\t\t\t<a class=\"fusion-link-wrapper\" href=\"https:\/\/martrocatala.com\/es\/portfolio-items\/casa-unifamiliar-entre-mitgeres-1\/\" target=\"_blank\" aria-label=\"Casa unifamiliar entre medianeras 1\"><\/a>\n\t<\/div>\n<\/div>\n<\/div>\n<\/div><\/article><article id=\"portfolio-1-post-170\" class=\"fusion-portfolio-post residencial fusion-col-spacing post-170\"><div class=\"fusion-portfolio-content-wrapper\" style=\"border:none;\"><span class=\"entry-title rich-snippet-hidden\">Casa unifamiliar entre medianeras 2 \u2013 Reforma<\/span><span class=\"vcard rich-snippet-hidden\"><span class=\"fn\"><a href=\"https:\/\/martrocatala.com\/es\/author\/tgd\/\" title=\"Entradas de tgd\" rel=\"author\">tgd<\/a><\/span><\/span><span class=\"updated rich-snippet-hidden\">2023-12-13T13:41:04+02:00<\/span><div  class=\"fusion-image-wrapper\" aria-haspopup=\"true\">\n\t\t\t\t<img decoding=\"async\" width=\"1400\" height=\"1050\" src=\"https:\/\/martrocatala.com\/wp-content\/uploads\/2015\/02\/RM_CasaUnifamiliarMitgeres2_Interior5_1400x1050.jpg\" class=\"attachment-full size-full wp-post-image\" alt=\"Martro Catal\u00e0 Arquitectes al Vall\u00e8s\" srcset=\"https:\/\/martrocatala.com\/wp-content\/uploads\/2015\/02\/RM_CasaUnifamiliarMitgeres2_Interior5_1400x1050-200x150.jpg 200w, https:\/\/martrocatala.com\/wp-content\/uploads\/2015\/02\/RM_CasaUnifamiliarMitgeres2_Interior5_1400x1050-400x300.jpg 400w, https:\/\/martrocatala.com\/wp-content\/uploads\/2015\/02\/RM_CasaUnifamiliarMitgeres2_Interior5_1400x1050-600x450.jpg 600w, https:\/\/martrocatala.com\/wp-content\/uploads\/2015\/02\/RM_CasaUnifamiliarMitgeres2_Interior5_1400x1050-800x600.jpg 800w, https:\/\/martrocatala.com\/wp-content\/uploads\/2015\/02\/RM_CasaUnifamiliarMitgeres2_Interior5_1400x1050-1200x900.jpg 1200w, https:\/\/martrocatala.com\/wp-content\/uploads\/2015\/02\/RM_CasaUnifamiliarMitgeres2_Interior5_1400x1050.jpg 1400w\" sizes=\"(min-width: 2200px) 100vw, (min-width: 784px) 380px, (min-width: 712px) 570px, (min-width: 640px) 712px, \" \/><div class=\"fusion-rollover\">\n\t<div class=\"fusion-rollover-content\">\n\n\t\t\t\t\t\t\t\t\t\t\t\t\t\t<a class=\"fusion-rollover-link\" href=\"https:\/\/martrocatala.com\/es\/portfolio-items\/casa-unifamiliar-entre-mitgeres-2-reforma\/\" target=\"_blank\">Casa unifamiliar entre medianeras 2 \u2013 Reforma<\/a>\n\t\t\t\n\t\t\t\t\t\t\t\t\t\t\t\t\t\t\n\t\t\t\t\t\t\t\t\n\t\t\t\t\t\t\t\t\t\t\t\t\t<div class=\"fusion-rollover-sep\"><\/div>\n\t\t\t\t\n\t\t\t\t\t\t\t\t\t\t\t\t\t\t\t\t\t\t<a class=\"fusion-rollover-gallery\" href=\"https:\/\/martrocatala.com\/wp-content\/uploads\/2015\/02\/RM_CasaUnifamiliarMitgeres2_Interior5_1400x1050.jpg\" data-id=\"170\" data-rel=\"iLightbox[gallery-rw-1]\" data-title=\"RM_CasaUnifamiliarMitgeres2_Interior5_1400x1050\" data-caption=\"\">\n\t\t\t\t\t\tGallery\t\t\t\t\t<\/a>\n\t\t\t\t\t\t\t\t\t\t\t\t\t\t\n\t\t\n\t\t\t\t\t\t\t\t\t\t\t\t<h4 class=\"fusion-rollover-title\">\n\t\t\t\t\t<a class=\"fusion-rollover-title-link\" href=\"https:\/\/martrocatala.com\/es\/portfolio-items\/casa-unifamiliar-entre-mitgeres-2-reforma\/\" target=\"_blank\">\n\t\t\t\t\t\tCasa unifamiliar entre medianeras 2 \u2013 Reforma\t\t\t\t\t<\/a>\n\t\t\t\t<\/h4>\n\t\t\t\n\t\t\t\t\t\t\t\t\t\t<div class=\"fusion-rollover-categories\"><a href=\"https:\/\/martrocatala.com\/es\/portfolio_category\/residencial\/\" rel=\"tag\">Residencial<\/a><\/div>\t\t\t\t\t\n\t\t\n\t\t\t\t\t\t<a class=\"fusion-link-wrapper\" href=\"https:\/\/martrocatala.com\/es\/portfolio-items\/casa-unifamiliar-entre-mitgeres-2-reforma\/\" target=\"_blank\" aria-label=\"Casa unifamiliar entre medianeras 2 \u2013 Reforma\"><\/a>\n\t<\/div>\n<\/div>\n<\/div>\n<\/div><\/article><article id=\"portfolio-1-post-168\" class=\"fusion-portfolio-post residencial fusion-col-spacing post-168\"><div class=\"fusion-portfolio-content-wrapper\" style=\"border:none;\"><span class=\"entry-title rich-snippet-hidden\">Edificio plurifamiliar en esquina<\/span><span class=\"vcard rich-snippet-hidden\"><span class=\"fn\"><a href=\"https:\/\/martrocatala.com\/es\/author\/tgd\/\" title=\"Entradas de tgd\" rel=\"author\">tgd<\/a><\/span><\/span><span class=\"updated rich-snippet-hidden\">2023-12-13T13:40:18+02:00<\/span><div  class=\"fusion-image-wrapper\" aria-haspopup=\"true\">\n\t\t\t\t<img decoding=\"async\" width=\"1920\" height=\"1440\" src=\"https:\/\/martrocatala.com\/wp-content\/uploads\/2015\/02\/RM_EdificiPlurifamiliarCantonada_Exterior2_1920x1440.jpg\" class=\"attachment-full size-full wp-post-image\" alt=\"Edifici plurifamiliar en cantonada\" srcset=\"https:\/\/martrocatala.com\/wp-content\/uploads\/2015\/02\/RM_EdificiPlurifamiliarCantonada_Exterior2_1920x1440-200x150.jpg 200w, https:\/\/martrocatala.com\/wp-content\/uploads\/2015\/02\/RM_EdificiPlurifamiliarCantonada_Exterior2_1920x1440-400x300.jpg 400w, https:\/\/martrocatala.com\/wp-content\/uploads\/2015\/02\/RM_EdificiPlurifamiliarCantonada_Exterior2_1920x1440-600x450.jpg 600w, https:\/\/martrocatala.com\/wp-content\/uploads\/2015\/02\/RM_EdificiPlurifamiliarCantonada_Exterior2_1920x1440-800x600.jpg 800w, https:\/\/martrocatala.com\/wp-content\/uploads\/2015\/02\/RM_EdificiPlurifamiliarCantonada_Exterior2_1920x1440-1200x900.jpg 1200w, https:\/\/martrocatala.com\/wp-content\/uploads\/2015\/02\/RM_EdificiPlurifamiliarCantonada_Exterior2_1920x1440.jpg 1920w\" sizes=\"(min-width: 2200px) 100vw, (min-width: 784px) 380px, (min-width: 712px) 570px, (min-width: 640px) 712px, \" \/><div class=\"fusion-rollover\">\n\t<div class=\"fusion-rollover-content\">\n\n\t\t\t\t\t\t\t\t\t\t\t\t\t\t<a class=\"fusion-rollover-link\" href=\"https:\/\/martrocatala.com\/es\/portfolio-items\/edifici-plurifamiliar-en-cantonada\/\" target=\"_blank\">Edificio plurifamiliar en esquina<\/a>\n\t\t\t\n\t\t\t\t\t\t\t\t\t\t\t\t\t\t\n\t\t\t\t\t\t\t\t\n\t\t\t\t\t\t\t\t\t\t\t\t\t<div class=\"fusion-rollover-sep\"><\/div>\n\t\t\t\t\n\t\t\t\t\t\t\t\t\t\t\t\t\t\t\t\t\t\t<a class=\"fusion-rollover-gallery\" href=\"https:\/\/martrocatala.com\/wp-content\/uploads\/2015\/02\/RM_EdificiPlurifamiliarCantonada_Exterior2_1920x1440.jpg\" data-id=\"168\" data-rel=\"iLightbox[gallery-rw-1]\" data-title=\"RM_EdificiPlurifamiliarCantonada_Exterior2_1920x1440\" data-caption=\"\">\n\t\t\t\t\t\tGallery\t\t\t\t\t<\/a>\n\t\t\t\t\t\t\t\t\t\t\t\t\t\t\n\t\t\n\t\t\t\t\t\t\t\t\t\t\t\t<h4 class=\"fusion-rollover-title\">\n\t\t\t\t\t<a class=\"fusion-rollover-title-link\" href=\"https:\/\/martrocatala.com\/es\/portfolio-items\/edifici-plurifamiliar-en-cantonada\/\" target=\"_blank\">\n\t\t\t\t\t\tEdificio plurifamiliar en esquina\t\t\t\t\t<\/a>\n\t\t\t\t<\/h4>\n\t\t\t\n\t\t\t\t\t\t\t\t\t\t<div class=\"fusion-rollover-categories\"><a href=\"https:\/\/martrocatala.com\/es\/portfolio_category\/residencial\/\" rel=\"tag\">Residencial<\/a><\/div>\t\t\t\t\t\n\t\t\n\t\t\t\t\t\t<a class=\"fusion-link-wrapper\" href=\"https:\/\/martrocatala.com\/es\/portfolio-items\/edifici-plurifamiliar-en-cantonada\/\" target=\"_blank\" aria-label=\"Edificio plurifamiliar en esquina\"><\/a>\n\t<\/div>\n<\/div>\n<\/div>\n<\/div><\/article><article id=\"portfolio-1-post-166\" class=\"fusion-portfolio-post residencial fusion-col-spacing post-166\"><div class=\"fusion-portfolio-content-wrapper\" style=\"border:none;\"><span class=\"entry-title rich-snippet-hidden\">Edificio plurifamiliar en testero<\/span><span class=\"vcard rich-snippet-hidden\"><span class=\"fn\"><a href=\"https:\/\/martrocatala.com\/es\/author\/tgd\/\" title=\"Entradas de tgd\" rel=\"author\">tgd<\/a><\/span><\/span><span class=\"updated rich-snippet-hidden\">2023-12-13T13:39:38+02:00<\/span><div  class=\"fusion-image-wrapper\" aria-haspopup=\"true\">\n\t\t\t\t<img decoding=\"async\" width=\"1400\" height=\"930\" src=\"https:\/\/martrocatala.com\/wp-content\/uploads\/2015\/02\/RM-EdificiPlurifamiliarTestera002.jpg\" class=\"attachment-full size-full wp-post-image\" alt=\"Martro Catal\u00e0 Arquitectes al Vall\u00e8s\" srcset=\"https:\/\/martrocatala.com\/wp-content\/uploads\/2015\/02\/RM-EdificiPlurifamiliarTestera002-200x133.jpg 200w, https:\/\/martrocatala.com\/wp-content\/uploads\/2015\/02\/RM-EdificiPlurifamiliarTestera002-400x266.jpg 400w, https:\/\/martrocatala.com\/wp-content\/uploads\/2015\/02\/RM-EdificiPlurifamiliarTestera002-600x399.jpg 600w, https:\/\/martrocatala.com\/wp-content\/uploads\/2015\/02\/RM-EdificiPlurifamiliarTestera002-800x531.jpg 800w, https:\/\/martrocatala.com\/wp-content\/uploads\/2015\/02\/RM-EdificiPlurifamiliarTestera002-1200x797.jpg 1200w, https:\/\/martrocatala.com\/wp-content\/uploads\/2015\/02\/RM-EdificiPlurifamiliarTestera002.jpg 1400w\" sizes=\"(min-width: 2200px) 100vw, (min-width: 784px) 380px, (min-width: 712px) 570px, (min-width: 640px) 712px, \" \/><div class=\"fusion-rollover\">\n\t<div class=\"fusion-rollover-content\">\n\n\t\t\t\t\t\t\t\t\t\t\t\t\t\t<a class=\"fusion-rollover-link\" href=\"https:\/\/martrocatala.com\/es\/portfolio-items\/edifici-plurifamiliar-en-testera\/\" target=\"_blank\">Edificio plurifamiliar en testero<\/a>\n\t\t\t\n\t\t\t\t\t\t\t\t\t\t\t\t\t\t\n\t\t\t\t\t\t\t\t\n\t\t\t\t\t\t\t\t\t\t\t\t\t<div class=\"fusion-rollover-sep\"><\/div>\n\t\t\t\t\n\t\t\t\t\t\t\t\t\t\t\t\t\t\t\t\t\t\t<a class=\"fusion-rollover-gallery\" href=\"https:\/\/martrocatala.com\/wp-content\/uploads\/2015\/02\/RM-EdificiPlurifamiliarTestera002.jpg\" data-id=\"166\" data-rel=\"iLightbox[gallery-rw-1]\" data-title=\"RM-EdificiPlurifamiliarTestera002\" data-caption=\"\u00a9 Roger Martr\u00f3  - Martr\u00f3-Catal\u00e0 Arquitectes\">\n\t\t\t\t\t\tGallery\t\t\t\t\t<\/a>\n\t\t\t\t\t\t\t\t\t\t\t\t\t\t\n\t\t\n\t\t\t\t\t\t\t\t\t\t\t\t<h4 class=\"fusion-rollover-title\">\n\t\t\t\t\t<a class=\"fusion-rollover-title-link\" href=\"https:\/\/martrocatala.com\/es\/portfolio-items\/edifici-plurifamiliar-en-testera\/\" target=\"_blank\">\n\t\t\t\t\t\tEdificio plurifamiliar en testero\t\t\t\t\t<\/a>\n\t\t\t\t<\/h4>\n\t\t\t\n\t\t\t\t\t\t\t\t\t\t<div class=\"fusion-rollover-categories\"><a href=\"https:\/\/martrocatala.com\/es\/portfolio_category\/residencial\/\" rel=\"tag\">Residencial<\/a><\/div>\t\t\t\t\t\n\t\t\n\t\t\t\t\t\t<a class=\"fusion-link-wrapper\" href=\"https:\/\/martrocatala.com\/es\/portfolio-items\/edifici-plurifamiliar-en-testera\/\" target=\"_blank\" aria-label=\"Edificio plurifamiliar en testero\"><\/a>\n\t<\/div>\n<\/div>\n<\/div>\n<\/div><\/article><article id=\"portfolio-1-post-164\" class=\"fusion-portfolio-post residencial fusion-col-spacing post-164\"><div class=\"fusion-portfolio-content-wrapper\" style=\"border:none;\"><span class=\"entry-title rich-snippet-hidden\">Edificio plurifamiliar entre medianeras 1<\/span><span class=\"vcard rich-snippet-hidden\"><span class=\"fn\"><a href=\"https:\/\/martrocatala.com\/es\/author\/tgd\/\" title=\"Entradas de tgd\" rel=\"author\">tgd<\/a><\/span><\/span><span class=\"updated rich-snippet-hidden\">2023-12-13T13:39:00+02:00<\/span><div  class=\"fusion-image-wrapper\" aria-haspopup=\"true\">\n\t\t\t\t<img decoding=\"async\" width=\"1400\" height=\"930\" src=\"https:\/\/martrocatala.com\/wp-content\/uploads\/2015\/02\/RM-EdificiPlurifamiliar002.jpg\" class=\"attachment-full size-full wp-post-image\" alt=\"Martro Catal\u00e0 Arquitectes al Vall\u00e8s\" srcset=\"https:\/\/martrocatala.com\/wp-content\/uploads\/2015\/02\/RM-EdificiPlurifamiliar002-200x133.jpg 200w, https:\/\/martrocatala.com\/wp-content\/uploads\/2015\/02\/RM-EdificiPlurifamiliar002-400x266.jpg 400w, https:\/\/martrocatala.com\/wp-content\/uploads\/2015\/02\/RM-EdificiPlurifamiliar002-600x399.jpg 600w, https:\/\/martrocatala.com\/wp-content\/uploads\/2015\/02\/RM-EdificiPlurifamiliar002-800x531.jpg 800w, https:\/\/martrocatala.com\/wp-content\/uploads\/2015\/02\/RM-EdificiPlurifamiliar002-1200x797.jpg 1200w, https:\/\/martrocatala.com\/wp-content\/uploads\/2015\/02\/RM-EdificiPlurifamiliar002.jpg 1400w\" sizes=\"(min-width: 2200px) 100vw, (min-width: 784px) 380px, (min-width: 712px) 570px, (min-width: 640px) 712px, \" \/><div class=\"fusion-rollover\">\n\t<div class=\"fusion-rollover-content\">\n\n\t\t\t\t\t\t\t\t\t\t\t\t\t\t<a class=\"fusion-rollover-link\" href=\"https:\/\/martrocatala.com\/es\/portfolio-items\/edifici-plurifamiliar-entre-mitgeres-1\/\" target=\"_blank\">Edificio plurifamiliar entre medianeras 1<\/a>\n\t\t\t\n\t\t\t\t\t\t\t\t\t\t\t\t\t\t\n\t\t\t\t\t\t\t\t\n\t\t\t\t\t\t\t\t\t\t\t\t\t<div class=\"fusion-rollover-sep\"><\/div>\n\t\t\t\t\n\t\t\t\t\t\t\t\t\t\t\t\t\t\t\t\t\t\t<a class=\"fusion-rollover-gallery\" href=\"https:\/\/martrocatala.com\/wp-content\/uploads\/2015\/02\/RM-EdificiPlurifamiliar002.jpg\" data-id=\"164\" data-rel=\"iLightbox[gallery-rw-1]\" data-title=\"RM-EdificiPlurifamiliar002\" data-caption=\"\">\n\t\t\t\t\t\tGallery\t\t\t\t\t<\/a>\n\t\t\t\t\t\t\t\t\t\t\t\t\t\t\n\t\t\n\t\t\t\t\t\t\t\t\t\t\t\t<h4 class=\"fusion-rollover-title\">\n\t\t\t\t\t<a class=\"fusion-rollover-title-link\" href=\"https:\/\/martrocatala.com\/es\/portfolio-items\/edifici-plurifamiliar-entre-mitgeres-1\/\" target=\"_blank\">\n\t\t\t\t\t\tEdificio plurifamiliar entre medianeras 1\t\t\t\t\t<\/a>\n\t\t\t\t<\/h4>\n\t\t\t\n\t\t\t\t\t\t\t\t\t\t<div class=\"fusion-rollover-categories\"><a href=\"https:\/\/martrocatala.com\/es\/portfolio_category\/residencial\/\" rel=\"tag\">Residencial<\/a><\/div>\t\t\t\t\t\n\t\t\n\t\t\t\t\t\t<a class=\"fusion-link-wrapper\" href=\"https:\/\/martrocatala.com\/es\/portfolio-items\/edifici-plurifamiliar-entre-mitgeres-1\/\" target=\"_blank\" aria-label=\"Edificio plurifamiliar entre medianeras 1\"><\/a>\n\t<\/div>\n<\/div>\n<\/div>\n<\/div><\/article><article id=\"portfolio-1-post-162\" class=\"fusion-portfolio-post residencial fusion-col-spacing post-162\"><div class=\"fusion-portfolio-content-wrapper\" style=\"border:none;\"><span class=\"entry-title rich-snippet-hidden\">Edificio plurifamiliar entre medianeras 2<\/span><span class=\"vcard rich-snippet-hidden\"><span class=\"fn\"><a href=\"https:\/\/martrocatala.com\/es\/author\/tgd\/\" title=\"Entradas de tgd\" rel=\"author\">tgd<\/a><\/span><\/span><span class=\"updated rich-snippet-hidden\">2023-12-13T13:38:21+02:00<\/span><div  class=\"fusion-image-wrapper\" aria-haspopup=\"true\">\n\t\t\t\t<img decoding=\"async\" width=\"850\" height=\"567\" src=\"https:\/\/martrocatala.com\/wp-content\/uploads\/2015\/02\/RM_EdificiPlurifamiliarMitgeres2_Exterior1_850x567.jpg\" class=\"attachment-full size-full wp-post-image\" alt=\"Martro Catal\u00e0 Arquitectes al Vall\u00e8s\" srcset=\"https:\/\/martrocatala.com\/wp-content\/uploads\/2015\/02\/RM_EdificiPlurifamiliarMitgeres2_Exterior1_850x567-200x133.jpg 200w, https:\/\/martrocatala.com\/wp-content\/uploads\/2015\/02\/RM_EdificiPlurifamiliarMitgeres2_Exterior1_850x567-400x267.jpg 400w, https:\/\/martrocatala.com\/wp-content\/uploads\/2015\/02\/RM_EdificiPlurifamiliarMitgeres2_Exterior1_850x567-600x400.jpg 600w, https:\/\/martrocatala.com\/wp-content\/uploads\/2015\/02\/RM_EdificiPlurifamiliarMitgeres2_Exterior1_850x567-800x534.jpg 800w, https:\/\/martrocatala.com\/wp-content\/uploads\/2015\/02\/RM_EdificiPlurifamiliarMitgeres2_Exterior1_850x567.jpg 850w\" sizes=\"(min-width: 2200px) 100vw, (min-width: 784px) 380px, (min-width: 712px) 570px, (min-width: 640px) 712px, \" \/><div class=\"fusion-rollover\">\n\t<div class=\"fusion-rollover-content\">\n\n\t\t\t\t\t\t\t\t\t\t\t\t\t\t<a class=\"fusion-rollover-link\" href=\"https:\/\/martrocatala.com\/es\/portfolio-items\/edifici-plurifamiliar-entre-mitgeres-2\/\" target=\"_blank\">Edificio plurifamiliar entre medianeras 2<\/a>\n\t\t\t\n\t\t\t\t\t\t\t\t\t\t\t\t\t\t\n\t\t\t\t\t\t\t\t\n\t\t\t\t\t\t\t\t\t\t\t\t\t<div class=\"fusion-rollover-sep\"><\/div>\n\t\t\t\t\n\t\t\t\t\t\t\t\t\t\t\t\t\t\t\t\t\t\t<a class=\"fusion-rollover-gallery\" href=\"https:\/\/martrocatala.com\/wp-content\/uploads\/2015\/02\/RM_EdificiPlurifamiliarMitgeres2_Exterior1_850x567.jpg\" data-id=\"162\" data-rel=\"iLightbox[gallery-rw-1]\" data-title=\"RM_EdificiPlurifamiliarMitgeres2_Exterior1_850x567\" data-caption=\"\">\n\t\t\t\t\t\tGallery\t\t\t\t\t<\/a>\n\t\t\t\t\t\t\t\t\t\t\t\t\t\t\n\t\t\n\t\t\t\t\t\t\t\t\t\t\t\t<h4 class=\"fusion-rollover-title\">\n\t\t\t\t\t<a class=\"fusion-rollover-title-link\" href=\"https:\/\/martrocatala.com\/es\/portfolio-items\/edifici-plurifamiliar-entre-mitgeres-2\/\" target=\"_blank\">\n\t\t\t\t\t\tEdificio plurifamiliar entre medianeras 2\t\t\t\t\t<\/a>\n\t\t\t\t<\/h4>\n\t\t\t\n\t\t\t\t\t\t\t\t\t\t<div class=\"fusion-rollover-categories\"><a href=\"https:\/\/martrocatala.com\/es\/portfolio_category\/residencial\/\" rel=\"tag\">Residencial<\/a><\/div>\t\t\t\t\t\n\t\t\n\t\t\t\t\t\t<a class=\"fusion-link-wrapper\" href=\"https:\/\/martrocatala.com\/es\/portfolio-items\/edifici-plurifamiliar-entre-mitgeres-2\/\" target=\"_blank\" aria-label=\"Edificio plurifamiliar entre medianeras 2\"><\/a>\n\t<\/div>\n<\/div>\n<\/div>\n<\/div><\/article><article id=\"portfolio-1-post-160\" class=\"fusion-portfolio-post residencial fusion-col-spacing post-160\"><div class=\"fusion-portfolio-content-wrapper\" style=\"border:none;\"><span class=\"entry-title rich-snippet-hidden\">Edificio plurifamiliar entre medianeras 3<\/span><span class=\"vcard rich-snippet-hidden\"><span class=\"fn\"><a href=\"https:\/\/martrocatala.com\/es\/author\/tgd\/\" title=\"Entradas de tgd\" rel=\"author\">tgd<\/a><\/span><\/span><span class=\"updated rich-snippet-hidden\">2023-12-13T13:37:39+02:00<\/span><div  class=\"fusion-image-wrapper\" aria-haspopup=\"true\">\n\t\t\t\t<img decoding=\"async\" width=\"1400\" height=\"930\" src=\"https:\/\/martrocatala.com\/wp-content\/uploads\/2015\/02\/RM-EdificiPlurifamiliarMigeres002.jpg\" class=\"attachment-full size-full wp-post-image\" alt=\"Martro Catal\u00e0 Arquitectes al Vall\u00e8s\" srcset=\"https:\/\/martrocatala.com\/wp-content\/uploads\/2015\/02\/RM-EdificiPlurifamiliarMigeres002-200x133.jpg 200w, https:\/\/martrocatala.com\/wp-content\/uploads\/2015\/02\/RM-EdificiPlurifamiliarMigeres002-400x266.jpg 400w, https:\/\/martrocatala.com\/wp-content\/uploads\/2015\/02\/RM-EdificiPlurifamiliarMigeres002-600x399.jpg 600w, https:\/\/martrocatala.com\/wp-content\/uploads\/2015\/02\/RM-EdificiPlurifamiliarMigeres002-800x531.jpg 800w, https:\/\/martrocatala.com\/wp-content\/uploads\/2015\/02\/RM-EdificiPlurifamiliarMigeres002-1200x797.jpg 1200w, https:\/\/martrocatala.com\/wp-content\/uploads\/2015\/02\/RM-EdificiPlurifamiliarMigeres002.jpg 1400w\" sizes=\"(min-width: 2200px) 100vw, (min-width: 784px) 380px, (min-width: 712px) 570px, (min-width: 640px) 712px, \" \/><div class=\"fusion-rollover\">\n\t<div class=\"fusion-rollover-content\">\n\n\t\t\t\t\t\t\t\t\t\t\t\t\t\t<a class=\"fusion-rollover-link\" href=\"https:\/\/martrocatala.com\/es\/portfolio-items\/edifici-plurifamiliar-entre-mitgeres-3\/\" target=\"_blank\">Edificio plurifamiliar entre medianeras 3<\/a>\n\t\t\t\n\t\t\t\t\t\t\t\t\t\t\t\t\t\t\n\t\t\t\t\t\t\t\t\n\t\t\t\t\t\t\t\t\t\t\t\t\t<div class=\"fusion-rollover-sep\"><\/div>\n\t\t\t\t\n\t\t\t\t\t\t\t\t\t\t\t\t\t\t\t\t\t\t<a class=\"fusion-rollover-gallery\" href=\"https:\/\/martrocatala.com\/wp-content\/uploads\/2015\/02\/RM-EdificiPlurifamiliarMigeres002.jpg\" data-id=\"160\" data-rel=\"iLightbox[gallery-rw-1]\" data-title=\"RM-EdificiPlurifamiliarMigeres002\" data-caption=\"\u00a9 Roger Martr\u00f3- Martr\u00f3-Catal\u00e0 Arquitectes\">\n\t\t\t\t\t\tGallery\t\t\t\t\t<\/a>\n\t\t\t\t\t\t\t\t\t\t\t\t\t\t\n\t\t\n\t\t\t\t\t\t\t\t\t\t\t\t<h4 class=\"fusion-rollover-title\">\n\t\t\t\t\t<a class=\"fusion-rollover-title-link\" href=\"https:\/\/martrocatala.com\/es\/portfolio-items\/edifici-plurifamiliar-entre-mitgeres-3\/\" target=\"_blank\">\n\t\t\t\t\t\tEdificio plurifamiliar entre medianeras 3\t\t\t\t\t<\/a>\n\t\t\t\t<\/h4>\n\t\t\t\n\t\t\t\t\t\t\t\t\t\t<div class=\"fusion-rollover-categories\"><a href=\"https:\/\/martrocatala.com\/es\/portfolio_category\/residencial\/\" rel=\"tag\">Residencial<\/a><\/div>\t\t\t\t\t\n\t\t\n\t\t\t\t\t\t<a class=\"fusion-link-wrapper\" href=\"https:\/\/martrocatala.com\/es\/portfolio-items\/edifici-plurifamiliar-entre-mitgeres-3\/\" target=\"_blank\" aria-label=\"Edificio plurifamiliar entre medianeras 3\"><\/a>\n\t<\/div>\n<\/div>\n<\/div>\n<\/div><\/article><\/div><\/div><\/div><\/div><\/div><\/div>","protected":false},"excerpt":{"rendered":"","protected":false},"author":1,"featured_media":0,"parent":0,"menu_order":0,"comment_status":"closed","ping_status":"open","template":"","meta":{"inline_featured_image":false,"footnotes":""},"class_list":["post-13","page","type-page","status-publish","hentry"],"yoast_head":"<!-- This site is optimized with the Yoast SEO plugin v21.7 - https:\/\/yoast.com\/wordpress\/plugins\/seo\/ -->\n<title>Projectes - Matr\u00f3 Catal\u00e0 Arquitectes<\/title>\n<meta name=\"robots\" content=\"index, follow, max-snippet:-1, max-image-preview:large, max-video-preview:-1\" \/>\n<link rel=\"canonical\" href=\"https:\/\/martrocatala.com\/es\/projectes\/\" \/>\n<meta property=\"og:locale\" content=\"es_ES\" \/>\n<meta property=\"og:type\" content=\"article\" \/>\n<meta property=\"og:title\" content=\"Projectes - Matr\u00f3 Catal\u00e0 Arquitectes\" \/>\n<meta property=\"og:url\" content=\"https:\/\/martrocatala.com\/es\/projectes\/\" \/>\n<meta property=\"og:site_name\" content=\"Matr\u00f3 Catal\u00e0 Arquitectes\" \/>\n<meta property=\"article:modified_time\" content=\"2023-12-13T14:06:27+00:00\" \/>\n<meta name=\"twitter:card\" content=\"summary_large_image\" \/>\n<meta name=\"twitter:label1\" content=\"Tiempo de lectura\" \/>\n\t<meta name=\"twitter:data1\" content=\"4 minutos\" \/>\n<script type=\"application\/ld+json\" class=\"yoast-schema-graph\">{\"@context\":\"https:\/\/schema.org\",\"@graph\":[{\"@type\":\"WebPage\",\"@id\":\"https:\/\/martrocatala.com\/projectes\/\",\"url\":\"https:\/\/martrocatala.com\/projectes\/\",\"name\":\"Projectes - Matr\u00f3 Catal\u00e0 Arquitectes\",\"isPartOf\":{\"@id\":\"https:\/\/martrocatala.com\/#website\"},\"datePublished\":\"2015-02-10T19:21:53+00:00\",\"dateModified\":\"2023-12-13T14:06:27+00:00\",\"breadcrumb\":{\"@id\":\"https:\/\/martrocatala.com\/projectes\/#breadcrumb\"},\"inLanguage\":\"es\",\"potentialAction\":[{\"@type\":\"ReadAction\",\"target\":[\"https:\/\/martrocatala.com\/projectes\/\"]}]},{\"@type\":\"BreadcrumbList\",\"@id\":\"https:\/\/martrocatala.com\/projectes\/#breadcrumb\",\"itemListElement\":[{\"@type\":\"ListItem\",\"position\":1,\"name\":\"Inici\",\"item\":\"https:\/\/martrocatala.com\/\"},{\"@type\":\"ListItem\",\"position\":2,\"name\":\"Projectes\"}]},{\"@type\":\"WebSite\",\"@id\":\"https:\/\/martrocatala.com\/#website\",\"url\":\"https:\/\/martrocatala.com\/\",\"name\":\"Matr\u00f3 Catal\u00e0 Arquitectes\",\"description\":\"\",\"potentialAction\":[{\"@type\":\"SearchAction\",\"target\":{\"@type\":\"EntryPoint\",\"urlTemplate\":\"https:\/\/martrocatala.com\/?s={search_term_string}\"},\"query-input\":\"required name=search_term_string\"}],\"inLanguage\":\"es\"}]}<\/script>\n<!-- \/ Yoast SEO plugin. -->","yoast_head_json":{"title":"Projectes - Matr\u00f3 Catal\u00e0 Arquitectes","robots":{"index":"index","follow":"follow","max-snippet":"max-snippet:-1","max-image-preview":"max-image-preview:large","max-video-preview":"max-video-preview:-1"},"canonical":"https:\/\/martrocatala.com\/es\/projectes\/","og_locale":"es_ES","og_type":"article","og_title":"Projectes - Matr\u00f3 Catal\u00e0 Arquitectes","og_url":"https:\/\/martrocatala.com\/es\/projectes\/","og_site_name":"Matr\u00f3 Catal\u00e0 Arquitectes","article_modified_time":"2023-12-13T14:06:27+00:00","twitter_card":"summary_large_image","twitter_misc":{"Tiempo de lectura":"4 minutos"},"schema":{"@context":"https:\/\/schema.org","@graph":[{"@type":"WebPage","@id":"https:\/\/martrocatala.com\/projectes\/","url":"https:\/\/martrocatala.com\/projectes\/","name":"Projectes - Matr\u00f3 Catal\u00e0 Arquitectes","isPartOf":{"@id":"https:\/\/martrocatala.com\/#website"},"datePublished":"2015-02-10T19:21:53+00:00","dateModified":"2023-12-13T14:06:27+00:00","breadcrumb":{"@id":"https:\/\/martrocatala.com\/projectes\/#breadcrumb"},"inLanguage":"es","potentialAction":[{"@type":"ReadAction","target":["https:\/\/martrocatala.com\/projectes\/"]}]},{"@type":"BreadcrumbList","@id":"https:\/\/martrocatala.com\/projectes\/#breadcrumb","itemListElement":[{"@type":"ListItem","position":1,"name":"Inici","item":"https:\/\/martrocatala.com\/"},{"@type":"ListItem","position":2,"name":"Projectes"}]},{"@type":"WebSite","@id":"https:\/\/martrocatala.com\/#website","url":"https:\/\/martrocatala.com\/","name":"Matr\u00f3 Catal\u00e0 Arquitectes","description":"","potentialAction":[{"@type":"SearchAction","target":{"@type":"EntryPoint","urlTemplate":"https:\/\/martrocatala.com\/?s={search_term_string}"},"query-input":"required name=search_term_string"}],"inLanguage":"es"}]}},"_links":{"self":[{"href":"https:\/\/martrocatala.com\/es\/wp-json\/wp\/v2\/pages\/13","targetHints":{"allow":["GET"]}}],"collection":[{"href":"https:\/\/martrocatala.com\/es\/wp-json\/wp\/v2\/pages"}],"about":[{"href":"https:\/\/martrocatala.com\/es\/wp-json\/wp\/v2\/types\/page"}],"author":[{"embeddable":true,"href":"https:\/\/martrocatala.com\/es\/wp-json\/wp\/v2\/users\/1"}],"replies":[{"embeddable":true,"href":"https:\/\/martrocatala.com\/es\/wp-json\/wp\/v2\/comments?post=13"}],"version-history":[{"count":7,"href":"https:\/\/martrocatala.com\/es\/wp-json\/wp\/v2\/pages\/13\/revisions"}],"predecessor-version":[{"id":1359,"href":"https:\/\/martrocatala.com\/es\/wp-json\/wp\/v2\/pages\/13\/revisions\/1359"}],"wp:attachment":[{"href":"https:\/\/martrocatala.com\/es\/wp-json\/wp\/v2\/media?parent=13"}],"curies":[{"name":"wp","href":"https:\/\/api.w.org\/{rel}","templated":true}]}}